{"id":4763,"date":"2024-10-29T12:22:40","date_gmt":"2024-10-29T12:22:40","guid":{"rendered":"https:\/\/sp2-poreba.edu.pl\/?page_id=4763"},"modified":"2025-02-07T20:06:44","modified_gmt":"2025-02-07T20:06:44","slug":"erasmus","status":"publish","type":"page","link":"https:\/\/sp2-poreba.edu.pl\/index.php\/erasmus\/","title":{"rendered":"PROJEKT -&#8220;SP2 na drodze do europejskiego rozwoju&#8221;"},"content":{"rendered":"<div class=\"wp-block-image is-style-default\">\n<figure class=\"aligncenter size-large\"><img loading=\"lazy\" decoding=\"async\" width=\"640\" height=\"452\" src=\"https:\/\/sp2-poreba.edu.pl\/wp-content\/uploads\/2025\/02\/Naglowek-640x452.jpg\" alt=\"\" class=\"wp-image-5368\" srcset=\"https:\/\/sp2-poreba.edu.pl\/wp-content\/uploads\/2025\/02\/Naglowek-640x452.jpg 640w, https:\/\/sp2-poreba.edu.pl\/wp-content\/uploads\/2025\/02\/Naglowek-300x212.jpg 300w, https:\/\/sp2-poreba.edu.pl\/wp-content\/uploads\/2025\/02\/Naglowek-768x543.jpg 768w, https:\/\/sp2-poreba.edu.pl\/wp-content\/uploads\/2025\/02\/Naglowek-1536x1086.jpg 1536w, https:\/\/sp2-poreba.edu.pl\/wp-content\/uploads\/2025\/02\/Naglowek.jpg 2000w\" sizes=\"auto, (max-width: 640px) 100vw, 640px\" \/><\/figure><\/div>\n\n\n<p class=\"has-text-align-center\">Jest nam niezmiernie mi\u0142o poinformowa\u0107, \u017ce wniosek naszej szko\u0142y \u201eSP2 na drodze do europejskiego<br>rozwoju\u201d zosta\u0142 zatwierdzony do realizacji i otrzyma\u0142 dofinansowanie z projektu \u201eZagraniczna<br>mobilno\u015b\u0107 edukacyjna uczni\u00f3w i kadry edukacji szkolnej\u201d w ramach programu Fundusze Europejskie<br>dla Rozwoju Spo\u0142ecznego 2021-2027 (FERS) wsp\u00f3\u0142finansowanego ze \u015brodk\u00f3w Europejskiego<br>Funduszu Spo\u0142ecznego Plus. Projekt b\u0119dzie realizowany na zasadach programu Erasmus+.<br>Maksymalna przyznana kwota dofinansowania wynosi 14720 EUR, co stanowi r\u00f3wnowarto\u015b\u0107 kwoty<br>65 599,68 z\u0142. PLN przeliczonej po \u015brednim kursie miesi\u0119cznym Komisji Europejskiej z terminu<br>og\u0142oszenia konkursu 2024 do programu Erasmus+, tj. listopada 2023 r., 1 EUR=4,4565 PLN.<br>G\u0142\u00f3wne cele programu :<\/p>\n\n\n\n<ol class=\"wp-block-list\">\n<li>Podniesienie kompetencji zawodowych i wiedzy kadry edukacyjnej SP2 w zakresie nowoczesnych<br>narz\u0119dzi i metod nauczania<\/li>\n\n\n\n<li>Wzrost umiej\u0119tno\u015bci j\u0119zykowych i kompetencji kulturowych w\u015br\u00f3d kadry SP2<\/li>\n\n\n\n<li>Podniesienie presti\u017cu SP2 w\u015br\u00f3d spo\u0142eczno\u015bci lokalnej i zwi\u0119kszenie europejskiego wymiaru<br>plac\u00f3wki.<\/li>\n\n\n\n<li>Wzrost wiedzy kadry w zakresie realizacji projekt\u00f3w i zarz\u0105dzania nimi poprzez udzia\u0142 w programie<br>Erasmus+<br>Program b\u0119dzie obejmowa\u0142 samokszta\u0142cenie i kszta\u0142cenie zorganizowane przez zesp\u00f3\u0142 projektowy w<br>ramach WDN. W ramach programu zaplanowano dzia\u0142anie wyjazdowe:<br>1.kurs j\u0119zykowy.<br>Realizacja programu zosta\u0142a zaplanowana w okresie pa\u017adziernik 2024 r. \u2013 wrzesie\u0144 2025 r.<\/li>\n<\/ol>\n\n\n\n<div data-wp-interactive=\"core\/file\" class=\"wp-block-file\"><object data-wp-bind--hidden=\"!state.hasPdfPreview\" hidden class=\"wp-block-file__embed\" data=\"https:\/\/sp2-poreba.edu.pl\/wp-content\/uploads\/2025\/02\/REGULAMIN-REKRUTACJI-UCZESTNIKOW-PROJEKTU-SP-2-Poreba-nauczyciele-Rodo-.pdf\" type=\"application\/pdf\" style=\"width:100%;height:600px\" aria-label=\"Osadzone z REGULAMIN REKRUTACJI UCZESTNIK\u00d3W PROJEKTU - SP 2 Por\u0119ba - nauczyciele  + Rodo.\"><\/object><a id=\"wp-block-file--media-1b4d38d1-ac45-4a9f-aed7-511108dcc32f\" href=\"https:\/\/sp2-poreba.edu.pl\/wp-content\/uploads\/2025\/02\/REGULAMIN-REKRUTACJI-UCZESTNIKOW-PROJEKTU-SP-2-Poreba-nauczyciele-Rodo-.pdf\">REGULAMIN REKRUTACJI UCZESTNIK\u00d3W PROJEKTU &#8211; SP 2 Por\u0119ba &#8211; nauczyciele  + Rodo<\/a><a href=\"https:\/\/sp2-poreba.edu.pl\/wp-content\/uploads\/2025\/02\/REGULAMIN-REKRUTACJI-UCZESTNIKOW-PROJEKTU-SP-2-Poreba-nauczyciele-Rodo-.pdf\" class=\"wp-block-file__button wp-element-button\" download aria-describedby=\"wp-block-file--media-1b4d38d1-ac45-4a9f-aed7-511108dcc32f\">Pobierz<\/a><\/div>\n\n\n\n<div data-wp-interactive=\"core\/file\" class=\"wp-block-file\"><object data-wp-bind--hidden=\"!state.hasPdfPreview\" hidden class=\"wp-block-file__embed\" data=\"https:\/\/sp2-poreba.edu.pl\/wp-content\/uploads\/2025\/02\/KLAUZULA-INFORMACYJNA-RODO-STRONA-INTERNETOWA.pdf\" type=\"application\/pdf\" style=\"width:100%;height:600px\" aria-label=\"Osadzone z KLAUZULA INFORMACYJNA RODO - STRONA INTERNETOWA.\"><\/object><a id=\"wp-block-file--media-3bf85dd9-f8ae-4b9a-85e0-1b0342a27e29\" href=\"https:\/\/sp2-poreba.edu.pl\/wp-content\/uploads\/2025\/02\/KLAUZULA-INFORMACYJNA-RODO-STRONA-INTERNETOWA.pdf\">KLAUZULA INFORMACYJNA RODO &#8211; STRONA INTERNETOWA<\/a><a href=\"https:\/\/sp2-poreba.edu.pl\/wp-content\/uploads\/2025\/02\/KLAUZULA-INFORMACYJNA-RODO-STRONA-INTERNETOWA.pdf\" class=\"wp-block-file__button wp-element-button\" download aria-describedby=\"wp-block-file--media-3bf85dd9-f8ae-4b9a-85e0-1b0342a27e29\">Pobierz<\/a><\/div>\n\n\n\n<div data-wp-interactive=\"core\/file\" class=\"wp-block-file\"><object data-wp-bind--hidden=\"!state.hasPdfPreview\" hidden class=\"wp-block-file__embed\" data=\"https:\/\/sp2-poreba.edu.pl\/wp-content\/uploads\/2025\/01\/zalacznik-8-klauzule-informacyjne-2024-vfin-RODO.pdf\" type=\"application\/pdf\" style=\"width:100%;height:600px\" aria-label=\"Osadzone z zalacznik-8-klauzule-informacyjne-2024-vfin RODO.\"><\/object><a id=\"wp-block-file--media-0fb78f72-91af-4cf4-afdd-88095c63dd8c\" href=\"https:\/\/sp2-poreba.edu.pl\/wp-content\/uploads\/2025\/01\/zalacznik-8-klauzule-informacyjne-2024-vfin-RODO.pdf\">zalacznik-8-klauzule-informacyjne-2024-vfin RODO<\/a><a href=\"https:\/\/sp2-poreba.edu.pl\/wp-content\/uploads\/2025\/01\/zalacznik-8-klauzule-informacyjne-2024-vfin-RODO.pdf\" class=\"wp-block-file__button wp-element-button\" download aria-describedby=\"wp-block-file--media-0fb78f72-91af-4cf4-afdd-88095c63dd8c\">Pobierz<\/a><\/div>\n","protected":false},"excerpt":{"rendered":"<p>Jest nam niezmiernie mi\u0142o poinformowa\u0107, \u017ce wniosek naszej szko\u0142y \u201eSP2 na drodze do europejskiegorozwoju\u201d zosta\u0142 zatwierdzony do realizacji i otrzyma\u0142 dofinansowanie z projektu \u201eZagranicznamobilno\u015b\u0107 edukacyjna uczni\u00f3w i kadry edukacji szkolnej\u201d w ramach programu Fundusze Europejskiedla Rozwoju Spo\u0142ecznego 2021-2027 (FERS) wsp\u00f3\u0142finansowanego <span class=\"readmore\"><a href=\"https:\/\/sp2-poreba.edu.pl\/index.php\/erasmus\/\">Czytaj wi\u0119cej<\/a><\/span><\/p>\n","protected":false},"author":2,"featured_media":0,"parent":0,"menu_order":101,"comment_status":"closed","ping_status":"closed","template":"","meta":{"footnotes":""},"class_list":["post-4763","page","type-page","status-publish","hentry"],"_links":{"self":[{"href":"https:\/\/sp2-poreba.edu.pl\/index.php\/wp-json\/wp\/v2\/pages\/4763","targetHints":{"allow":["GET"]}}],"collection":[{"href":"https:\/\/sp2-poreba.edu.pl\/index.php\/wp-json\/wp\/v2\/pages"}],"about":[{"href":"https:\/\/sp2-poreba.edu.pl\/index.php\/wp-json\/wp\/v2\/types\/page"}],"author":[{"embeddable":true,"href":"https:\/\/sp2-poreba.edu.pl\/index.php\/wp-json\/wp\/v2\/users\/2"}],"replies":[{"embeddable":true,"href":"https:\/\/sp2-poreba.edu.pl\/index.php\/wp-json\/wp\/v2\/comments?post=4763"}],"version-history":[{"count":8,"href":"https:\/\/sp2-poreba.edu.pl\/index.php\/wp-json\/wp\/v2\/pages\/4763\/revisions"}],"predecessor-version":[{"id":5380,"href":"https:\/\/sp2-poreba.edu.pl\/index.php\/wp-json\/wp\/v2\/pages\/4763\/revisions\/5380"}],"wp:attachment":[{"href":"https:\/\/sp2-poreba.edu.pl\/index.php\/wp-json\/wp\/v2\/media?parent=4763"}],"curies":[{"name":"wp","href":"https:\/\/api.w.org\/{rel}","templated":true}]}}