{"id":6070,"date":"2025-08-25T04:23:08","date_gmt":"2025-08-25T04:23:08","guid":{"rendered":"https:\/\/sp2-poreba.edu.pl\/?page_id=6070"},"modified":"2025-08-26T09:55:36","modified_gmt":"2025-08-26T09:55:36","slug":"projekt-edukacja-wlaczajaca-2","status":"publish","type":"page","link":"https:\/\/sp2-poreba.edu.pl\/index.php\/projekt-edukacja-wlaczajaca-2\/","title":{"rendered":"PROJEKT \u2013 \u201cEdukacja W\u0142\u0105czaj\u0105ca\u201d"},"content":{"rendered":"\n<p class=\"has-large-font-size\">Szanowni Pa\u0144stwo,<\/p>\n\n\n\n<p class=\"has-normal-font-size\">Szko\u0142a Podstawowa nr 2 im. Jana Paw\u0142a II w Por\u0119bie ponownie og\u0142asza nab\u00f3r uczni\u00f3w, kt\u00f3rzy jeszcze nie s\u0105 uczestnikami, do bezp\u0142atnego udzia\u0142u w projekcie <strong>\u201eEdukacja w\u0142\u0105czaj\u0105ca jako szansa rozwoju uczni\u00f3w w Szkole Podstawowej nr 2 im. Jana Paw\u0142a II w Por\u0119bie\u201d<\/strong> dofinansowanego w ramach Funduszy Europejskich dla \u015al\u0105skiego 2021- 2027.<\/p>\n\n\n\n<p class=\"has-normal-font-size\">Przypominamy, \u017ce nadal celem g\u0142\u00f3wnym projektu jest podniesienie poziomu nauczania poprzez zapewnienie dost\u0119pu do wysokiej jako\u015bci edukacji w\u0142\u0105czaj\u0105cej w zakresie zdiagnozowanych potrzeb. W poprzednim roku szkolnym Plac\u00f3wka zyska\u0142a zakup nowoczesnych pomocy dydaktycznych, sprz\u0119t TIK oprogramowania oraz doposa\u017cenia do sali terapeutyczne. Nauczyciele doskonalili swoje umiej\u0119tno\u015bci i kompetencje zawodowe do pracy z dzie\u0107mi.<\/p>\n\n\n\n<p class=\"has-normal-font-size\">W ramach projektu uczniowie, kt\u00f3rzy w poprzednim roku szkolnym oraz nowo zapisani do projektu b\u0119d\u0105 mogli wzi\u0105\u0107 udzia\u0142 w zaj\u0119ciach:<\/p>\n\n\n\n<ul class=\"wp-block-list has-normal-font-size\">\n<li>Arteterapia,<\/li>\n\n\n\n<li>Zaj\u0119cia korekcyjno- kompensacyjne dla klas I- III,<\/li>\n\n\n\n<li class=\"has-normal-font-size\">Trening Umiej\u0119tno\u015bci Spo\u0142ecznych dla klas I- III oraz IV- VIII,<\/li>\n\n\n\n<li>Zaj\u0119cia dydaktyczno- wyr\u00f3wnawcze z j\u0119zyka polskiego dla klas IV-V oraz VI- VIII,<\/li>\n\n\n\n<li>Zaj\u0119cia dydaktyczno- wyr\u00f3wnawcze z matematyki dla klas IV-V oraz VI- VIII,<\/li>\n\n\n\n<li>Zaj\u0119cia dydaktyczno- wyr\u00f3wnawcze z j\u0119zyka angielskiego dla klas I- III, IV-V oraz VI- VIII<\/li>\n\n\n\n<li>Zaj\u0119cia informatyczne dla klas I- III,<\/li>\n\n\n\n<li>Zaj\u0119cia plastyczne dla klas I- III,<\/li>\n\n\n\n<li>Ko\u0142o logicznego my\u015blenia dla klasy VI<\/li>\n\n\n\n<li>Zaj\u0119cia z preorientacji zawodowej dla klasy VIII.<\/li>\n<\/ul>\n\n\n\n<p class=\"has-normal-font-size\">Zapisy na zaj\u0119cia rozpoczn\u0105 si\u0119 od 08 wrze\u015bnia 2025 i potrwaj\u0105 do 21 wrze\u015bnia 2025. Zapisu ucznia na wybrane zaj\u0119cia mo\u017cna dokona\u0107 elektronicznie na adres podstawowa_2@op.pl lub u Koordynatora projektu (pedagoga szkolnego &#8211; Pani Justyny Kalamat) w Szkole w sali 24. Na stronie szko\u0142y zostan\u0105 zamieszczone wzory dokument\u00f3w, kt\u00f3re nale\u017cy uzupe\u0142ni\u0107 aby zapisa\u0107 swoje dziecko na zaj\u0119cia. Wz\u00f3r wniosku b\u0119dzie dost\u0119pny te\u017c u Koordynatora projektu.<\/p>\n\n\n\n<p class=\"has-normal-font-size\">Po 21 wrze\u015bnia nast\u0105pi og\u0142oszenie uczni\u00f3w zakwalifikowanych do udzia\u0142u w projekcie. Planowane rozpocz\u0119cie zaj\u0119\u0107 \u2013 pa\u017adziernik 2025 r.<\/p>\n\n\n\n<p class=\"has-normal-font-size\">Zach\u0119camy do udzia\u0142u w projekcie!<\/p>\n\n\n\n<div data-wp-interactive=\"core\/file\" class=\"wp-block-file\"><object data-wp-bind--hidden=\"!state.hasPdfPreview\" hidden class=\"wp-block-file__embed\" data=\"https:\/\/sp2-poreba.edu.pl\/wp-content\/uploads\/2025\/08\/REGULAMIN_PROJEKTU-6.2.pdf\" type=\"application\/pdf\" style=\"width:100%;height:600px\" aria-label=\"Osadzone z REGULAMIN_PROJEKTU - 6.2.\"><\/object><a id=\"wp-block-file--media-346e6ec4-a1a9-477a-bb07-1ee819ab9b30\" href=\"https:\/\/sp2-poreba.edu.pl\/wp-content\/uploads\/2025\/08\/REGULAMIN_PROJEKTU-6.2.pdf\">REGULAMIN_PROJEKTU &#8211; 6.2<\/a><a href=\"https:\/\/sp2-poreba.edu.pl\/wp-content\/uploads\/2025\/08\/REGULAMIN_PROJEKTU-6.2.pdf\" class=\"wp-block-file__button wp-element-button\" download aria-describedby=\"wp-block-file--media-346e6ec4-a1a9-477a-bb07-1ee819ab9b30\">Pobierz<\/a><\/div>\n\n\n\n<div data-wp-interactive=\"core\/file\" class=\"wp-block-file\"><object data-wp-bind--hidden=\"!state.hasPdfPreview\" hidden class=\"wp-block-file__embed\" data=\"https:\/\/sp2-poreba.edu.pl\/wp-content\/uploads\/2025\/08\/Zalacznik-1a_Karta-zgloszenia-dziecka-do-udzialu-w-projekcie.pdf\" type=\"application\/pdf\" style=\"width:100%;height:600px\" aria-label=\"Osadzone z Za\u0142\u0105cznik 1a_Karta zg\u0142oszenia dziecka do udzia\u0142u w projekcie.\"><\/object><a id=\"wp-block-file--media-0fd9a06c-f8b3-40fc-a6c6-d286e20c5dcd\" href=\"https:\/\/sp2-poreba.edu.pl\/wp-content\/uploads\/2025\/08\/Zalacznik-1a_Karta-zgloszenia-dziecka-do-udzialu-w-projekcie.pdf\">Za\u0142\u0105cznik 1a_Karta zg\u0142oszenia dziecka do udzia\u0142u w projekcie<\/a><a href=\"https:\/\/sp2-poreba.edu.pl\/wp-content\/uploads\/2025\/08\/Zalacznik-1a_Karta-zgloszenia-dziecka-do-udzialu-w-projekcie.pdf\" class=\"wp-block-file__button wp-element-button\" download aria-describedby=\"wp-block-file--media-0fd9a06c-f8b3-40fc-a6c6-d286e20c5dcd\">Pobierz<\/a><\/div>\n\n\n\n<div data-wp-interactive=\"core\/file\" class=\"wp-block-file\"><object data-wp-bind--hidden=\"!state.hasPdfPreview\" hidden class=\"wp-block-file__embed\" data=\"https:\/\/sp2-poreba.edu.pl\/wp-content\/uploads\/2025\/08\/Zalacznik-3_Deklaracja-oswiadczenie-o-uczestnictwie-w-projekcie.pdf\" type=\"application\/pdf\" style=\"width:100%;height:600px\" aria-label=\"Osadzone z Za\u0142\u0105cznik 3_Deklaracja o\u015bwiadczenie o uczestnictwie w projekcie.\"><\/object><a id=\"wp-block-file--media-25373b9b-a743-4a93-9cca-a4ab54bfe0ce\" href=\"https:\/\/sp2-poreba.edu.pl\/wp-content\/uploads\/2025\/08\/Zalacznik-3_Deklaracja-oswiadczenie-o-uczestnictwie-w-projekcie.pdf\">Za\u0142\u0105cznik 3_Deklaracja o\u015bwiadczenie o uczestnictwie w projekcie<\/a><a href=\"https:\/\/sp2-poreba.edu.pl\/wp-content\/uploads\/2025\/08\/Zalacznik-3_Deklaracja-oswiadczenie-o-uczestnictwie-w-projekcie.pdf\" class=\"wp-block-file__button wp-element-button\" download aria-describedby=\"wp-block-file--media-25373b9b-a743-4a93-9cca-a4ab54bfe0ce\">Pobierz<\/a><\/div>\n\n\n\n<div data-wp-interactive=\"core\/file\" class=\"wp-block-file\"><object data-wp-bind--hidden=\"!state.hasPdfPreview\" hidden class=\"wp-block-file__embed\" data=\"https:\/\/sp2-poreba.edu.pl\/wp-content\/uploads\/2025\/08\/Zalacznik-4-_Oswiadczenie-uczestnika-projektu.pdf\" type=\"application\/pdf\" style=\"width:100%;height:600px\" aria-label=\"Osadzone z Za\u0142\u0105cznik 4 _O\u015bwiadczenie uczestnika projektu.\"><\/object><a id=\"wp-block-file--media-7d2c93ad-8bcb-488f-ad66-ed85076eda9d\" href=\"https:\/\/sp2-poreba.edu.pl\/wp-content\/uploads\/2025\/08\/Zalacznik-4-_Oswiadczenie-uczestnika-projektu.pdf\">Za\u0142\u0105cznik 4 _O\u015bwiadczenie uczestnika projektu<\/a><a href=\"https:\/\/sp2-poreba.edu.pl\/wp-content\/uploads\/2025\/08\/Zalacznik-4-_Oswiadczenie-uczestnika-projektu.pdf\" class=\"wp-block-file__button wp-element-button\" download aria-describedby=\"wp-block-file--media-7d2c93ad-8bcb-488f-ad66-ed85076eda9d\">Pobierz<\/a><\/div>\n\n\n\n<div data-wp-interactive=\"core\/file\" class=\"wp-block-file\"><object data-wp-bind--hidden=\"!state.hasPdfPreview\" hidden class=\"wp-block-file__embed\" data=\"https:\/\/sp2-poreba.edu.pl\/wp-content\/uploads\/2025\/08\/Zalacznik-5-_RODO-1.pdf\" type=\"application\/pdf\" style=\"width:100%;height:600px\" aria-label=\"Osadzone z Za\u0142\u0105cznik 5 _RODO (1).\"><\/object><a id=\"wp-block-file--media-0361c62c-21a4-4d4f-b157-0ece111ae0db\" href=\"https:\/\/sp2-poreba.edu.pl\/wp-content\/uploads\/2025\/08\/Zalacznik-5-_RODO-1.pdf\">Za\u0142\u0105cznik 5 _RODO (1)<\/a><a href=\"https:\/\/sp2-poreba.edu.pl\/wp-content\/uploads\/2025\/08\/Zalacznik-5-_RODO-1.pdf\" class=\"wp-block-file__button wp-element-button\" download aria-describedby=\"wp-block-file--media-0361c62c-21a4-4d4f-b157-0ece111ae0db\">Pobierz<\/a><\/div>\n","protected":false},"excerpt":{"rendered":"<p>Szanowni Pa\u0144stwo, Szko\u0142a Podstawowa nr 2 im. Jana Paw\u0142a II w Por\u0119bie ponownie og\u0142asza nab\u00f3r uczni\u00f3w, kt\u00f3rzy jeszcze nie s\u0105 uczestnikami, do bezp\u0142atnego udzia\u0142u w projekcie \u201eEdukacja w\u0142\u0105czaj\u0105ca jako szansa rozwoju uczni\u00f3w w Szkole Podstawowej nr 2 im. Jana Paw\u0142a <span class=\"readmore\"><a href=\"https:\/\/sp2-poreba.edu.pl\/index.php\/projekt-edukacja-wlaczajaca-2\/\">Czytaj wi\u0119cej<\/a><\/span><\/p>\n","protected":false},"author":2,"featured_media":6089,"parent":0,"menu_order":63,"comment_status":"closed","ping_status":"closed","template":"","meta":{"footnotes":""},"class_list":["post-6070","page","type-page","status-publish","has-post-thumbnail","hentry"],"_links":{"self":[{"href":"https:\/\/sp2-poreba.edu.pl\/index.php\/wp-json\/wp\/v2\/pages\/6070","targetHints":{"allow":["GET"]}}],"collection":[{"href":"https:\/\/sp2-poreba.edu.pl\/index.php\/wp-json\/wp\/v2\/pages"}],"about":[{"href":"https:\/\/sp2-poreba.edu.pl\/index.php\/wp-json\/wp\/v2\/types\/page"}],"author":[{"embeddable":true,"href":"https:\/\/sp2-poreba.edu.pl\/index.php\/wp-json\/wp\/v2\/users\/2"}],"replies":[{"embeddable":true,"href":"https:\/\/sp2-poreba.edu.pl\/index.php\/wp-json\/wp\/v2\/comments?post=6070"}],"version-history":[{"count":2,"href":"https:\/\/sp2-poreba.edu.pl\/index.php\/wp-json\/wp\/v2\/pages\/6070\/revisions"}],"predecessor-version":[{"id":6087,"href":"https:\/\/sp2-poreba.edu.pl\/index.php\/wp-json\/wp\/v2\/pages\/6070\/revisions\/6087"}],"wp:featuredmedia":[{"embeddable":true,"href":"https:\/\/sp2-poreba.edu.pl\/index.php\/wp-json\/wp\/v2\/media\/6089"}],"wp:attachment":[{"href":"https:\/\/sp2-poreba.edu.pl\/index.php\/wp-json\/wp\/v2\/media?parent=6070"}],"curies":[{"name":"wp","href":"https:\/\/api.w.org\/{rel}","templated":true}]}}